{"id":258358,"date":"2024-10-23T11:59:14","date_gmt":"2024-10-23T11:59:14","guid":{"rendered":"http:\/\/studioastoria.hu\/?page_id=258358"},"modified":"2026-02-25T10:44:40","modified_gmt":"2026-02-25T10:44:40","slug":"fotostudio","status":"publish","type":"page","link":"https:\/\/studioastoria.hu\/index.php\/fotostudio\/","title":{"rendered":"Fot\u00f3st\u00fadi\u00f3 b\u00e9rl\u00e9s"},"content":{"rendered":"<p>[et_pb_section fb_built=&#8221;1&#8243; fullwidth=&#8221;on&#8221; _builder_version=&#8221;4.27.2&#8243; _module_preset=&#8221;default&#8221; background_color=&#8221;rgba(0,0,0,0.83)&#8221; background_image=&#8221;http:\/\/studioastoria.hu\/wp-content\/uploads\/2024\/10\/IMI_5744-Edit.jpg&#8221; parallax=&#8221;on&#8221; background_blend=&#8221;hue&#8221; global_colors_info=&#8221;{}&#8221;][et_pb_fullwidth_post_title meta=&#8221;off&#8221; featured_image=&#8221;off&#8221; _builder_version=&#8221;4.27.2&#8243; _module_preset=&#8221;default&#8221; title_text_align=&#8221;center&#8221; title_text_color=&#8221;#FFFFFF&#8221; title_font_size=&#8221;73px&#8221; background_color=&#8221;#c1c1c1&#8243; custom_padding=&#8221;109px||109px||true|&#8221; title_font_size_tablet=&#8221;73px&#8221; title_font_size_phone=&#8221;42px&#8221; title_font_size_last_edited=&#8221;on|phone&#8221; global_colors_info=&#8221;{}&#8221;][\/et_pb_fullwidth_post_title][\/et_pb_section][et_pb_section fb_built=&#8221;1&#8243; _builder_version=&#8221;4.27.2&#8243; _module_preset=&#8221;default&#8221; global_colors_info=&#8221;{}&#8221;][et_pb_row column_structure=&#8221;1_2,1_2&#8243; _builder_version=&#8221;4.27.2&#8243; _module_preset=&#8221;default&#8221; global_colors_info=&#8221;{}&#8221;][et_pb_column type=&#8221;1_2&#8243; _builder_version=&#8221;4.27.2&#8243; _module_preset=&#8221;default&#8221; global_colors_info=&#8221;{}&#8221;][et_pb_text _builder_version=&#8221;4.27.2&#8243; _module_preset=&#8221;default&#8221; global_colors_info=&#8221;{}&#8221;]<\/p>\n<p id=\"wnd_TextBlock_264948963_inner_2\" data-wnd_is_separable=\"1\" data-wnd_separable_index=\"2\" data-wnd_separable_id=\"wnd_TextBlock_264948963\">St\u00fadi\u00f3nkat gy\u00f6ny\u00f6r\u0171 f\u00e9nyviszonyok jellemzik kedvez\u0151 fekv\u00e9se miatt, illetve technikai felszerelts\u00e9g\u00fcnk is nagy. \u00cdgy nem csak a term\u00e9szetes f\u00e9nyek kedvel\u0151i fognak remek helyet tal\u00e1lni n\u00e1lunk, hanem a bonyolultabb vil\u00e1g\u00edt\u00e1stechnik\u00e1val dolgoz\u00f3knak sem fogunk csal\u00f3d\u00e1st okozni!<\/p>\n<p id=\"wnd_TextBlock_264948963_inner_3\" data-wnd_is_separable=\"1\" data-wnd_separable_index=\"3\" data-wnd_separable_id=\"wnd_TextBlock_264948963\">100 n\u00e9gyzetm\u00e9teres bels\u0151 t\u00e9rrel, k\u00f6zel 4 m\u00e9teres belmagass\u00e1ggal, nagy, d\u00e9lnyugati t\u00e1jol\u00e1s\u00fa ablakokkal v\u00e1runk titeket!<\/p>\n<p>[\/et_pb_text][\/et_pb_column][et_pb_column type=&#8221;1_2&#8243; _builder_version=&#8221;4.27.2&#8243; _module_preset=&#8221;default&#8221; global_colors_info=&#8221;{}&#8221;][et_pb_image src=&#8221;http:\/\/studioastoria.hu\/wp-content\/uploads\/2024\/11\/IM23448.jpg&#8221; title_text=&#8221;_IM23448&#8243; _builder_version=&#8221;4.27.2&#8243; _module_preset=&#8221;default&#8221; global_colors_info=&#8221;{}&#8221;][\/et_pb_image][\/et_pb_column][\/et_pb_row][et_pb_row column_structure=&#8221;1_2,1_2&#8243; _builder_version=&#8221;4.27.2&#8243; _module_preset=&#8221;default&#8221; global_colors_info=&#8221;{}&#8221;][et_pb_column type=&#8221;1_2&#8243; _builder_version=&#8221;4.27.2&#8243; _module_preset=&#8221;default&#8221; global_colors_info=&#8221;{}&#8221;][et_pb_image src=&#8221;http:\/\/studioastoria.hu\/wp-content\/uploads\/2024\/11\/IMI_5744.jpg&#8221; title_text=&#8221;IMI_5744&#8243; _builder_version=&#8221;4.27.2&#8243; _module_preset=&#8221;default&#8221; global_colors_info=&#8221;{}&#8221;][\/et_pb_image][\/et_pb_column][et_pb_column type=&#8221;1_2&#8243; _builder_version=&#8221;4.27.2&#8243; _module_preset=&#8221;default&#8221; global_colors_info=&#8221;{}&#8221;][et_pb_text _builder_version=&#8221;4.27.2&#8243; _module_preset=&#8221;default&#8221; global_colors_info=&#8221;{}&#8221;]<\/p>\n<p id=\"wnd_TextBlock_204507264_inner_2\" data-wnd_is_separable=\"1\" data-wnd_separable_index=\"2\" data-wnd_separable_id=\"wnd_TextBlock_204507264\">Fot\u00f3st\u00fadi\u00f3nk feh\u00e9r, vil\u00e1gos terem, hatalmas ablakkal, \u00e9s gy\u00f6ny\u00f6r\u0171 f\u00e9nyekkel v\u00e1r Titeket! A kora d\u00e9lut\u00e1ni \u00f3r\u00e1kban k\u00f6zvetlen\u00fcl megvil\u00e1g\u00edtja a terem fal\u00e1t, padl\u00f3zat\u00e1t a napf\u00e9ny. Berendez\u00e9se minimalista, letisztult. Felf\u00fart h\u00e1tt\u00e9rtart\u00f3val m\u00e9g nincs felszerelve, nagy m\u00e9ret\u0171 mobil h\u00e1tt\u00e9rtart\u00f3t tudunk biztos\u00edtani a h\u00e1tterek haszn\u00e1lat\u00e1hoz.<\/p>\n<p id=\"wnd_TextBlock_204507264_inner_3\" data-wnd_is_separable=\"1\" data-wnd_separable_index=\"3\" data-wnd_separable_id=\"wnd_TextBlock_204507264\"><strong>M\u00e9retek<\/strong><\/p>\n<p id=\"wnd_TextBlock_204507264_inner_4\" data-wnd_is_separable=\"1\" data-wnd_separable_index=\"4\" data-wnd_separable_id=\"wnd_TextBlock_204507264\">Hossz\u00fas\u00e1g: 5,3m<br \/>Sz\u00e9less\u00e9g: 4,5m<br \/>Belmagass\u00e1g: 3,7m<\/p>\n<p>[\/et_pb_text][\/et_pb_column][\/et_pb_row][et_pb_row column_structure=&#8221;1_2,1_2&#8243; _builder_version=&#8221;4.27.2&#8243; _module_preset=&#8221;default&#8221; global_colors_info=&#8221;{}&#8221;][et_pb_column type=&#8221;1_2&#8243; _builder_version=&#8221;4.27.2&#8243; _module_preset=&#8221;default&#8221; global_colors_info=&#8221;{}&#8221;][et_pb_text _builder_version=&#8221;4.27.2&#8243; _module_preset=&#8221;default&#8221; global_colors_info=&#8221;{}&#8221;]<\/p>\n<p id=\"wnd_TextBlock_931668967_inner_3\" data-wnd_is_separable=\"1\" data-wnd_separable_index=\"3\" data-wnd_separable_id=\"wnd_TextBlock_931668967\">Az El\u0151t\u00e9r ter\u00fclete teljesen egybe nyithat\u00f3 k\u00fcl\u00f6n k\u00e9r\u00e9sre a St\u00fadi\u00f3val, \u00edgy egy nagy, k\u00f6r\u00fclbel\u00fcl 10 m\u00e9ter hossz\u00fa teret kapunk a fot\u00f3z\u00e1shoz.\u00a0<\/p>\n<p id=\"wnd_TextBlock_931668967_inner_4\" data-wnd_is_separable=\"1\" data-wnd_separable_index=\"4\" data-wnd_separable_id=\"wnd_TextBlock_931668967\"><strong>M\u00e9retek<\/strong><\/p>\n<p id=\"wnd_TextBlock_931668967_inner_5\" data-wnd_is_separable=\"1\" data-wnd_separable_index=\"5\" data-wnd_separable_id=\"wnd_TextBlock_931668967\">Hossz\u00fas\u00e1g: 4,7m<br \/>Sz\u00e9less\u00e9g: 3,7m<br \/>Belmagass\u00e1g: 3,7m<\/p>\n<p>[\/et_pb_text][\/et_pb_column][et_pb_column type=&#8221;1_2&#8243; _builder_version=&#8221;4.27.2&#8243; _module_preset=&#8221;default&#8221; global_colors_info=&#8221;{}&#8221;][et_pb_image src=&#8221;http:\/\/studioastoria.hu\/wp-content\/uploads\/2024\/11\/IMI_5690.jpg&#8221; title_text=&#8221;IMI_5690&#8243; _builder_version=&#8221;4.27.2&#8243; _module_preset=&#8221;default&#8221; global_colors_info=&#8221;{}&#8221;][\/et_pb_image][\/et_pb_column][\/et_pb_row][\/et_pb_section][et_pb_section fb_built=&#8221;1&#8243; _builder_version=&#8221;4.27.2&#8243; _module_preset=&#8221;default&#8221; background_color=&#8221;#D6D6D6&#8243; global_colors_info=&#8221;{}&#8221;][et_pb_row _builder_version=&#8221;4.27.2&#8243; _module_preset=&#8221;default&#8221; custom_padding=&#8221;||27px|||&#8221; global_colors_info=&#8221;{}&#8221;][et_pb_column type=&#8221;4_4&#8243; _builder_version=&#8221;4.27.2&#8243; _module_preset=&#8221;default&#8221; global_colors_info=&#8221;{}&#8221;][et_pb_pricing_tables _builder_version=&#8221;4.27.2&#8243; _module_preset=&#8221;default&#8221; link_option_url=&#8221;https:\/\/studioastoria.hu\/index.php\/kapcsolat\/&#8221; global_colors_info=&#8221;{}&#8221;][et_pb_pricing_table featured=&#8221;on&#8221; title=&#8221;Min. 2 \u00f3r\u00e1s b\u00e9rl\u00e9s eset\u00e9n&#8221; subtitle=&#8221;B\u00e9rl\u00e9s&#8221; per=&#8221;\u00d3ra&#8221; sum=&#8221;6000Ft&#8221; button_url=&#8221;https:\/\/studioastoria.hu\/index.php\/kapcsolat\/&#8221; button_text=&#8221;FOGLALJ MOST!&#8221; bullet_color=&#8221;#000000&#8243; header_background_color=&#8221;#bc9d00&#8243; _builder_version=&#8221;4.27.2&#8243; _module_preset=&#8221;default&#8221; price_text_color=&#8221;#000000&#8243; price_font_size=&#8221;60px&#8221; custom_button=&#8221;on&#8221; button_text_color=&#8221;#E09900&#8243; global_colors_info=&#8221;{}&#8221; sticky_transition=&#8221;on&#8221;]<\/p>\n<p><span style=\"color: #000000;\">Minimum 2 \u00f3r\u00e1s b\u00e9rl\u00e9s eset\u00e9n<\/span><\/p>\n<p><span>Di\u00e1kkedvezm\u00e9nnyel!<br \/><span style=\"color: #000000;\">5000 Ft\/\u00f3ra<\/span><\/span><\/p>\n<p>[\/et_pb_pricing_table][et_pb_pricing_table title=&#8221;Eg\u00e9sz napos&#8221; subtitle=&#8221;B\u00e9rl\u00e9s (09-19h)&#8221; sum=&#8221;60.000Ft&#8221; button_url=&#8221;https:\/\/studioastoria.hu\/index.php\/kapcsolat\/&#8221; button_text=&#8221;FOGLALJ MOST!&#8221; bullet_color=&#8221;#000000&#8243; header_background_color=&#8221;#000000&#8243; _builder_version=&#8221;4.27.2&#8243; _module_preset=&#8221;default&#8221; price_text_color=&#8221;#000000&#8243; price_font_size=&#8221;60px&#8221; custom_button=&#8221;on&#8221; button_text_color=&#8221;#E09900&#8243; global_colors_info=&#8221;{}&#8221; sticky_transition=&#8221;on&#8221;]<\/p>\n<p><span>Di\u00e1kkedvezm\u00e9nnyel!<\/span><\/p>\n<p><span><span style=\"color: #000000;\">50.000 Ft<\/span><\/span><\/p>\n<p>[\/et_pb_pricing_table][et_pb_pricing_table title=&#8221;Teljes k\u00f6r\u0171&#8221; subtitle=&#8221;Asszisztencia&#8221; per=&#8221;\u00d3ra&#8221; sum=&#8221;3000Ft&#8221; button_url=&#8221;https:\/\/studioastoria.hu\/index.php\/kapcsolat\/&#8221; button_text=&#8221;FOGLALJ MOST!&#8221; bullet_color=&#8221;#000000&#8243; header_background_color=&#8221;#000000&#8243; _builder_version=&#8221;4.27.2&#8243; _module_preset=&#8221;default&#8221; price_text_color=&#8221;#000000&#8243; price_font_size=&#8221;60px&#8221; custom_button=&#8221;on&#8221; button_text_color=&#8221;#E09900&#8243; global_colors_info=&#8221;{}&#8221; sticky_transition=&#8221;on&#8221;]<\/p>\n<p><span>Assziszt\u00e1lunk T\u00e9ged a fot\u00f3z\u00e1s teljes id\u0151tartama alatt, tippekkel, tan\u00e1csokkal is t\u00e1mogatunk, ha szeretn\u00e9d!\u00a0<\/span><\/p>\n<p><span><span style=\"color: #000000;\">3000 Ft\/\u00f3ra<\/span><\/span><\/p>\n<p>[\/et_pb_pricing_table][\/et_pb_pricing_tables][et_pb_pricing_tables _builder_version=&#8221;4.27.2&#8243; _module_preset=&#8221;default&#8221; link_option_url=&#8221;https:\/\/studioastoria.hu\/index.php\/kapcsolat\/&#8221; global_colors_info=&#8221;{}&#8221;][et_pb_pricing_table featured=&#8221;on&#8221; title=&#8221;Teljes St\u00fadi\u00f3&#8221; subtitle=&#8221;B\u00e9rl\u00e9se (minimum 2 \u00f3r\u00e1s b\u00e9rl\u00e9s eset\u00e9n)&#8221; per=&#8221;\u00d3ra&#8221; sum=&#8221;9000Ft&#8221; button_url=&#8221;https:\/\/studioastoria.hu\/index.php\/kapcsolat\/&#8221; button_text=&#8221;FOGLALJ MOST!&#8221; bullet_color=&#8221;#000000&#8243; header_background_color=&#8221;#bc9d00&#8243; _builder_version=&#8221;4.27.2&#8243; _module_preset=&#8221;default&#8221; price_text_color=&#8221;#000000&#8243; price_font_size=&#8221;60px&#8221; custom_button=&#8221;on&#8221; button_text_color=&#8221;#E09900&#8243; global_colors_info=&#8221;{}&#8221; sticky_transition=&#8221;on&#8221;]<\/p>\n<p><span style=\"color: #000000;\">A St\u00fadi\u00f3 eg\u00e9sz ter\u00fclete, mindk\u00e9t teremmel, \u00e9s az el\u0151t\u00e9rrel csak a Ti\u00e9d!<\/span><\/p>\n<p><span>Di\u00e1kkedvezm\u00e9nnyel!<br \/><span style=\"color: #000000;\">7500 Ft\/\u00f3ra<\/span><\/span><\/p>\n<p>[\/et_pb_pricing_table][et_pb_pricing_table title=&#8221;Teljes St\u00fadi\u00f3&#8221; subtitle=&#8221;B\u00e9rl\u00e9se eg\u00e9sz napra&#8221; sum=&#8221;90.000Ft&#8221; button_url=&#8221;https:\/\/studioastoria.hu\/index.php\/kapcsolat\/&#8221; button_text=&#8221;FOGLALJ MOST!&#8221; bullet_color=&#8221;#000000&#8243; header_background_color=&#8221;#000000&#8243; _builder_version=&#8221;4.27.2&#8243; _module_preset=&#8221;default&#8221; price_text_color=&#8221;#000000&#8243; price_font_size=&#8221;60px&#8221; custom_button=&#8221;on&#8221; button_text_color=&#8221;#E09900&#8243; global_colors_info=&#8221;{}&#8221; sticky_transition=&#8221;on&#8221;]<\/p>\n<p><span><span style=\"color: #000000;\">A St\u00fadi\u00f3 eg\u00e9sz ter\u00fclete, mindk\u00e9t teremmel, \u00e9s az el\u0151t\u00e9rrel eg\u00e9sz napra csak a Ti\u00e9d!<\/span><\/span><\/p>\n<p><span>Di\u00e1kkedvezm\u00e9nnyel!<\/span><\/p>\n<p><span><span style=\"color: #000000;\">75.000 Ft<\/span><\/span><\/p>\n<p>[\/et_pb_pricing_table][\/et_pb_pricing_tables][\/et_pb_column][\/et_pb_row][\/et_pb_section][et_pb_section fb_built=&#8221;1&#8243; _builder_version=&#8221;4.27.2&#8243; _module_preset=&#8221;default&#8221; custom_margin=&#8221;-5px|||||&#8221; global_colors_info=&#8221;{}&#8221;][et_pb_row _builder_version=&#8221;4.27.2&#8243; _module_preset=&#8221;default&#8221; global_colors_info=&#8221;{}&#8221;][et_pb_column type=&#8221;4_4&#8243; _builder_version=&#8221;4.27.2&#8243; _module_preset=&#8221;default&#8221; global_colors_info=&#8221;{}&#8221;][et_pb_text _builder_version=&#8221;4.27.2&#8243; _module_preset=&#8221;default&#8221; global_colors_info=&#8221;{}&#8221;]<\/p>\n<h5 style=\"text-align: center;\"><span>A Heti Bont\u00e1s n\u00e9zetet aj\u00e1nljuk, ezt a napt\u00e1rak jobb fels\u0151 sark\u00e1ban tudj\u00e1tok be\u00e1ll\u00edtani!<\/span><\/h5>\n<p>[\/et_pb_text][et_pb_code _builder_version=&#8221;4.27.2&#8243; _module_preset=&#8221;default&#8221; background_color=&#8221;#88C4DD&#8221; use_background_color_gradient=&#8221;on&#8221; background_enable_image=&#8221;off&#8221; text_orientation=&#8221;left&#8221; box_shadow_style=&#8221;preset6&#8243; global_colors_info=&#8221;{}&#8221;]<iframe loading=\"lazy\" src=\"https:\/\/calendar.google.com\/calendar\/embed?src=73a7cf6ac17e4449ba96cf510631d25ca5432737e5df1391481d6f2fa03ab26c%40group.calendar.google.com&#038;ctz=Europe%2FBudapest\" style=\"border: 0\" width=\"800\" height=\"600\" frameborder=\"0\" scrolling=\"no\"><\/iframe>[\/et_pb_code][\/et_pb_column][\/et_pb_row][\/et_pb_section]<\/p>\n","protected":false},"excerpt":{"rendered":"<p>St\u00fadi\u00f3nkat gy\u00f6ny\u00f6r\u0171 f\u00e9nyviszonyok jellemzik kedvez\u0151 fekv\u00e9se miatt, illetve technikai felszerelts\u00e9g\u00fcnk is nagy. \u00cdgy nem csak a term\u00e9szetes f\u00e9nyek kedvel\u0151i fognak remek helyet tal\u00e1lni n\u00e1lunk, hanem a bonyolultabb vil\u00e1g\u00edt\u00e1stechnik\u00e1val dolgoz\u00f3knak sem fogunk csal\u00f3d\u00e1st okozni! 100 n\u00e9gyzetm\u00e9teres bels\u0151 t\u00e9rrel, k\u00f6zel 4 m\u00e9teres belmagass\u00e1ggal, nagy, d\u00e9lnyugati t\u00e1jol\u00e1s\u00fa ablakokkal v\u00e1runk titeket!Fot\u00f3st\u00fadi\u00f3nk feh\u00e9r, vil\u00e1gos terem, hatalmas ablakkal, \u00e9s gy\u00f6ny\u00f6r\u0171 f\u00e9nyekkel [&hellip;]<\/p>\n","protected":false},"author":1,"featured_media":258879,"parent":0,"menu_order":0,"comment_status":"closed","ping_status":"closed","template":"","meta":{"_et_pb_use_builder":"on","_et_pb_old_content":"<!-- wp:divi\/placeholder \/-->","_et_gb_content_width":"","inline_featured_image":false,"footnotes":""},"class_list":["post-258358","page","type-page","status-publish","has-post-thumbnail","hentry"],"_links":{"self":[{"href":"https:\/\/studioastoria.hu\/index.php\/wp-json\/wp\/v2\/pages\/258358","targetHints":{"allow":["GET"]}}],"collection":[{"href":"https:\/\/studioastoria.hu\/index.php\/wp-json\/wp\/v2\/pages"}],"about":[{"href":"https:\/\/studioastoria.hu\/index.php\/wp-json\/wp\/v2\/types\/page"}],"author":[{"embeddable":true,"href":"https:\/\/studioastoria.hu\/index.php\/wp-json\/wp\/v2\/users\/1"}],"replies":[{"embeddable":true,"href":"https:\/\/studioastoria.hu\/index.php\/wp-json\/wp\/v2\/comments?post=258358"}],"version-history":[{"count":53,"href":"https:\/\/studioastoria.hu\/index.php\/wp-json\/wp\/v2\/pages\/258358\/revisions"}],"predecessor-version":[{"id":259033,"href":"https:\/\/studioastoria.hu\/index.php\/wp-json\/wp\/v2\/pages\/258358\/revisions\/259033"}],"wp:featuredmedia":[{"embeddable":true,"href":"https:\/\/studioastoria.hu\/index.php\/wp-json\/wp\/v2\/media\/258879"}],"wp:attachment":[{"href":"https:\/\/studioastoria.hu\/index.php\/wp-json\/wp\/v2\/media?parent=258358"}],"curies":[{"name":"wp","href":"https:\/\/api.w.org\/{rel}","templated":true}]}}